{"version":"1.0","provider_name":"\u00c9letvitel","provider_url":"https:\/\/eletvitel.cafeblog.hu","author_name":"Onlanyka","author_url":"https:\/\/eletvitel.cafeblog.hu\/author\/onlanyka\/","title":"Az elm\u00fal\u00e1s el\u0151tti utols\u00f3 tan\u00e1cs..","html":"<p>Egy 27 \u00e9ves ausztr\u00e1l l\u00e1ny hal\u00e1la el\u0151tt levelet \u00edrt, amelyben \u00fczent azoknak az embereknek, akik nem \u00e9lvezik ki \u00e9let\u00fck minden perc\u00e9t.<\/p>\r\n<p><a href=\"https:\/\/eletvitel.cafeblog.hu\/files\/2019\/03\/holly-1-800x800.jpg\"><img class=\"alignnone  wp-image-37\" src=\"https:\/\/eletvitel.cafeblog.hu\/files\/2019\/03\/holly-1-800x800-300x300.jpg\" alt=\"\" width=\"360\" height=\"360\" \/><\/a><\/p>\r\n<p>Holly Butcher szervezete feladta a harcot a csontr\u00e1kkal szemben, sz\u00fclei osztott\u00e1k meg a l\u00e1ny utols\u00f3 \u00fczeneteit a k\u00f6z\u00f6ss\u00e9gi oldalon. <\/p>\r\n<p>- K\u00fcl\u00f6n\u00f6s dolog 26 \u00e9vesen felfogni saj\u00e1t haland\u00f3s\u00e1godat. Olyasmi ez, amit hajlamosak vagyunk figyelmen k\u00edv\u00fcl hagyni. Csak peregnek a napok, \u00e9s azt hiszed, hogy mindig j\u00f6n m\u00e9g t\u00f6bb nap. Azt\u00e1n megt\u00f6rt\u00e9nik az, amire nem sz\u00e1m\u00edtott\u00e1l. Mindig \u00fagy k\u00e9pzeltem, hogy majd meg\u00f6regszem, r\u00e1ncos leszek \u00e9s \u0151sz \u2013 legink\u00e1bb a gy\u00f6ny\u00f6r\u0171 csal\u00e1dom miatt (rengeteg gyerekkel), amelyet \u00e9letem szerelm\u00e9vel alap\u00edtottunk volna. Annyira szeretn\u00e9m mindezt, hogy szinte m\u00e1r f\u00e1j. Most 27 \u00e9ves vagyok. Nem akarok elmenni. Szeretem az \u00e9letem. Boldog vagyok, \u00e9s ezt a szeretteimnek k\u00f6sz\u00f6nhetem. De nem \u00e9n ir\u00e1ny\u00edtok. Nem az\u00e9rt kezdtem bele ebbe a \u201elev\u00e9l hal\u00e1lom el\u0151tt\u201d dologba, hogy megijedjetek a hal\u00e1lt\u00f3l. Szerintem nem gond, hogy \u00e1ltal\u00e1ban nem vagyunk tudat\u00e1ban az elker\u00fclhetetlennek. Kiv\u00e9ve persze, amikor szeretn\u00e9k r\u00f3la besz\u00e9lni, de mindenki tabuk\u00e9nt kezeli, mintha egyik\u00fcnkkel sem t\u00f6rt\u00e9nne meg, soha. Csak annyit mondunk, egy kicsit neh\u00e9z.Csak azt szeretn\u00e9m, ha az emberek nem az \u00e9let apr\u00f3, jelent\u00e9ktelen bossz\u00fas\u00e1gain izguln\u00e1nak, \u00e9s megpr\u00f3b\u00e1ln\u00e1k \u00e9szben tartani, hogy valahol mindenkire ugyanaz a sors v\u00e1r. \u00dagyhogy tegyetek meg mindent, hogy a rendelkez\u00e9setekre \u00e1ll\u00f3 id\u0151 \u00e9lvezetes legyen \u00e9s meg\u00e9rje \u2013 \u00edrta le gondolatait Holly. <\/p>\r\n<p>A fiatal n\u0151nek t\u00f6k\u00e9letesen igaza van. Annyi jelent\u00e9ktelen dolgon veszeksz\u00fcnk, m\u00e9rgel\u0151d\u00fcnk \u00e9s azzal foglalkozunk ami m\u00e9rgezi a napjainkat. Gonoszak veled? Nem kell vele foglalkozni. Sokan m\u00e1sokkal vannak elfoglalva, mert az \u0151 \u00e9let\u00fck sil\u00e1ny. Ez\u00e9rt a m\u00e1sok \u00e9let\u00e9t is t\u00f6nkre kell tenni. Nem szabad, hogy a rosszindulat, c\u00e9lt \u00e9rjen. Ink\u00e1bb foglalkozz a p\u00e1roddal, a gyermekeddel, a bar\u00e1taiddal. Az apr\u00f3 bossz\u00fas\u00e1gokon t\u00fal kell l\u00e9pni. Van ann\u00e1l n<span class=\"text_exposed_show\">agyobb probl\u00e9ma, hogy elt\u00f6rt egy b\u00f6gre, felh\u00edzt\u00e1l k\u00e9t kil\u00f3t vagy elrontottad az aznapi sminked. <br \/>Pr\u00f3b\u00e1ld az \u00e9letet \u00fagy n\u00e9zni, hogy mid van, \u00e9s ne azt amid nincs. <br \/>Gondolj arra, hogy van leveg\u0151 a t\u00fcd\u0151dben, van aki haza j\u00f6n hozz\u00e1d, vagy \u00e9ppen felh\u00edv telefon \u00e9s megk\u00e9rdezi, hogy mi van veled? Ha rossz passzban vagy, megk\u00e9rdezi, hogy miben seg\u00edthet. <br \/>Nem azt kell n\u00e9zni, hogy van-e kavi\u00e1r a h\u0171t\u0151ben, hanem azt, hogy van \u00e9tel a h\u0171t\u0151ben. <br \/>Gondolj arra, hogy Te fel\u00e9bredt\u00e9l reggel, ver a sz\u00edved. <br \/>Ha f\u00e1j a sz\u00edved, lelkileg magad alatt vagy? Gondolj, arra, hogy m\u00e9ly \u00e9rz\u00e9s\u0171 vagy, m\u00e9g vannak \u00e9rz\u00e9seid. <br \/>Ha kin\u00e9zel az ablakon \u00e9s l\u00e1tod a naps\u00fct\u00e9st, akkor meg\u00e9lted az idei tavaszt!<\/span><\/p>","type":"rich"}